{"version":"1.0","provider_name":"Bring\u00e1zz a munk\u00e1ba! (Bam!)","provider_url":"https:\/\/bringazzamunkaba.cafeblog.hu","author_name":"Bring\u00e1zz a munk\u00e1ba! (Bam!)","author_url":"https:\/\/bringazzamunkaba.cafeblog.hu\/author\/bringazz-a-munkaba-bam\/","title":"T\u00fcnd\u00e9rparip\u00e1n Budapest utc\u00e1in","html":"<p align=\"justify\"><a href=\"http:\/\/kerekparosklub.hu\/bam\/az_en_bringas_tortenetem\" target=\"_blank\">\u00dajabb felh\u00edv\u00e1sunknak eleget t\u00e9ve<\/a> R\u00e9ka is elk\u00fcldte hozz\u00e1nk a t\u00f6rt\u00e9net\u00e9t, amelyben megosztja vel\u00fcnk, hogyan is lett f\u00e9l \u00e9v alatt \"biciklisl\u00e1ny\".<\/p>\r\n<p align=\"justify\"><em>A ker\u00e9kp\u00e1roz\u00e1s sz\u00e1momra az egyik legkedvesebb aj\u00e1nd\u00e9k, amelyet a bar\u00e1tomt\u00f3l, \u00d3scart\u00f3l kaptam.<\/em><\/p>\r\n<p align=\"justify\"><em>H\u00fagommal r\u00e9gebben sokszor besz\u00e9lt\u00fcnk arr\u00f3l, hogy j\u00f3 volna \u201ebiciklisl\u00e1nynak\u201d lenni, szokny\u00e1ban, szalaggal a hajunkban, vir\u00e1ggal a kosarunkban. Ennek egy akad\u00e1lya volt: ki nem \u00e1llhattunk biciklizni az otthon rendelkez\u00e9sre \u00e1ll\u00f3 ker\u00e9kp\u00e1rokon, \u00e9s sz\u00fcl\u0151v\u00e1rosunk, P\u00e9cs, nem is t\u0171nt a legk\u00edm\u00e9l\u0151bb terepnek a kezd\u00e9shez.<\/em><\/p>\r\n<p align=\"justify\"><a href=\"https:\/\/bringazzamunkaba.cafeblog.hu\/files\/2013\/10\/tekerg\u0151k.jpg\"><img class=\"alignleft size-large wp-image-410\" alt=\"tekerg\u0151k\" src=\"https:\/\/bringazzamunkaba.cafeblog.hu\/files\/2013\/10\/tekerg\u0151k-600x540.jpg\" width=\"600\" height=\"540\" \/><\/a><\/p>\r\n<p align=\"justify\"><em>Amikor Budapestre k\u00f6lt\u00f6ztem, a p\u00e1rom egyre gyakrabban mondogatta, hogy biciklivel kellene k\u00f6zlekedn\u00fcnk, de \u00e9n tov\u00e1bbra is ellen\u00e1lltam, mondv\u00e1n, mindenem f\u00e1j a ker\u00e9kp\u00e1roz\u00e1st\u00f3l. \u00d3scar ez\u00e9rt felaj\u00e1nlotta, hogy pr\u00f3b\u00e1ljam ki az \u0151 Pegasus n\u00e9vre hallgat\u00f3 \u201eparip\u00e1j\u00e1t\u201d, melyet Velenc\u00e9ben szerzett egy apr\u00f3cska, eldugott bicikliboltban, h\u00e1tha megv\u00e1ltozik a v\u00e9lem\u00e9nyem. A 2013. tavaszi BAM kamp\u00e1nyra siker\u00fclt is meggy\u0151znie, a bring\u00e1s reggeli alkalm\u00e1val mentem el\u0151sz\u00f6r ker\u00e9kp\u00e1rral munk\u00e1ba \u2013 innent\u0151l kezdve Pegasusb\u00f3l T\u00fcnd\u00e9rparipa lett, szeg\u00e9ny \u00d3scar az\u00f3ta sem \u00fclt rajta, mert engem alig lehet r\u00f3la leszedni. A sarki boltig is biciklivel megyek, \u00e9s napi szinten \u00f6sszesen 20 km-t tekerek a munk\u00e1ba (ha m\u00e1shol nincs dolgom, mert ilyenkor t\u00f6bbet) \u2013 sem es\u0151, sem szoknya, sem magas sark\u00fa cip\u0151 nem okoz probl\u00e9m\u00e1t. Egyik munkat\u00e1rsam szerint olyan vagyok, mint egy komplett ker\u00e9kp\u00e1r kamp\u00e1ny: f\u00fclig \u00e9r\u0151 mosollyal, vir\u00e1gos ruh\u00e1ban, zen\u00e9t hallgatva\u2026 egy meleg ny\u00e1ri napon a buszon izzadva neki is azonnal biciklizni t\u00e1madt kedve.<\/em><\/p>\r\n<p align=\"justify\"><a href=\"https:\/\/bringazzamunkaba.cafeblog.hu\/files\/2013\/10\/PicsArt_1376829953612.jpg\"><img class=\"alignleft size-large wp-image-409\" alt=\"PicsArt_1376829953612\" src=\"https:\/\/bringazzamunkaba.cafeblog.hu\/files\/2013\/10\/PicsArt_1376829953612-600x458.jpg\" width=\"600\" height=\"458\" \/><\/a><\/p>\r\n<p align=\"justify\"><em>Bizton \u00e1ll\u00edthatom, hogy a v\u00e1lt\u00e1s komoly \u00e9letmin\u0151s\u00e9g-javul\u00e1st hozott mag\u00e1val. Egyr\u00e9szt, nem ideges\u00edtem magam a f\u0151v\u00e1rosi dug\u00f3ban, nem nyomorgok a t\u00f6megk\u00f6zleked\u00e9sen. M\u00e1sr\u00e9szt, ha \u00e9ppen nem jutok el edzeni munka ut\u00e1n, akkor sem agg\u00f3dom, hiszen a napi sz\u00fcks\u00e9ges mozg\u00e1smennyis\u00e9get mindenk\u00e9ppen teljes\u00edtem a ker\u00e9kp\u00e1roz\u00e1ssal. Harmadr\u00e9szt, az esti s\u00e9t\u00e1kat, h\u00e9tv\u00e9gi barangol\u00e1sokat egyre t\u00f6bbsz\u00f6r v\u00e1ltja fel a k\u00f6z\u00f6s tekerg\u00e9s a v\u00e1rosban \u00e9s k\u00f6rny\u00e9k\u00e9n.<\/em><\/p>\r\n<p align=\"justify\"><a href=\"https:\/\/bringazzamunkaba.cafeblog.hu\/files\/2013\/10\/IMG-20130518-WA0004.jpg\"><img class=\"alignleft size-large wp-image-408\" alt=\"IMG-20130518-WA0004\" src=\"https:\/\/bringazzamunkaba.cafeblog.hu\/files\/2013\/10\/IMG-20130518-WA0004-337x600.jpg\" width=\"337\" height=\"600\" \/><\/a><\/p>\r\n<p align=\"justify\"><em>T\u00fcnd\u00e9rparip\u00e1mnak k\u00f6sz\u00f6nhet\u0151en teh\u00e1t az elm\u00falt f\u00e9l \u00e9v sor\u00e1n v\u00e9gre \u00e9n is \u201ebiciklisl\u00e1nny\u00e1\u201d v\u00e1lhattam. Kicsit furdal a lelkiismeret, hogy bar\u00e1tomat megfosztottam szeretett j\u00e1rg\u00e1ny\u00e1t\u00f3l, \u00e9s az \u00e9n r\u00e9gi ker\u00e9kp\u00e1romra k\u00e1rhoztattam, ez\u00e9rt okt\u00f3ber v\u00e9g\u00e9n kap egy \u00fajat a sz\u00fclinapj\u00e1ra \u2013 \u201ek\u00f6lcs\u00f6n\u00f6r\u00f6kbe\u201d bicikli visszaj\u00e1r. \u00d3scar annyira m\u00e9g nem besz\u00e9l magyarul, hogy N\u0151k Lapja Caf\u00e9t olvasson, \u00fagyhogy nem fogok lebukni :)<\/em><\/p>\r\n<em>Fert\u0151i R\u00e9ka<\/em>","type":"rich","thumbnail_url":"https:\/\/bringazzamunkaba.cafeblog.hu\/files\/2013\/10\/PicsArt_1376829953612-150x150.jpg","thumbnail_width":150,"thumbnail_height":150}